{"id":39691,"date":"2026-01-29T20:57:03","date_gmt":"2026-01-29T19:57:03","guid":{"rendered":"https:\/\/gastronova.eu\/?post_type=product&#038;p=39691"},"modified":"2026-02-10T14:56:39","modified_gmt":"2026-02-10T13:56:39","slug":"airstream-compact-400-standard-kopia-kopia-kopia-2","status":"publish","type":"product","link":"https:\/\/gastronova.eu\/hu\/produkt\/airstream-compact-400-standard-kopia-kopia-kopia-2\/","title":{"rendered":"Box 350 &#8211; Grill\/B\u00e1r"},"content":{"rendered":"\t\t<div data-elementor-type=\"wp-post\" data-elementor-id=\"39691\" class=\"elementor elementor-39691 elementor-39687\" data-elementor-post-type=\"product\">\n\t\t\t\t<div class=\"wd-negative-gap elementor-element elementor-element-ed0adcc e-flex e-con-boxed e-con e-parent\" data-id=\"ed0adcc\" data-element_type=\"container\">\n\t\t\t\t\t<div class=\"e-con-inner\">\n\t\t\t\t<div class=\"elementor-element elementor-element-687f231 elementor-widget elementor-widget-wd_text_block\" data-id=\"687f231\" data-element_type=\"widget\" data-widget_type=\"wd_text_block.default\">\n\t\t\t\t<div class=\"elementor-widget-container\">\n\t\t\t\t\t\t\t<div class=\"wd-text-block reset-last-child text-center\">\n\t\t\t\n\t\t\t<h1><strong>A Food Truck meg\u00e9rkezik:<\/strong><\/h1>\n\t\t\t\t\t<\/div>\n\t\t\t\t\t\t<\/div>\n\t\t\t\t<\/div>\n\t\t\t\t<div class=\"elementor-element elementor-element-8308d62 elementor-countdown--label-block elementor-widget elementor-widget-countdown\" data-id=\"8308d62\" data-element_type=\"widget\" data-widget_type=\"countdown.default\">\n\t\t\t\t<div class=\"elementor-widget-container\">\n\t\t\t\t\t\t\t<div class=\"elementor-countdown-wrapper\" data-date=\"1771272960\">\n\t\t\t<div class=\"elementor-countdown-item\"><span class=\"elementor-countdown-digits elementor-countdown-days\"><\/span> <span class=\"elementor-countdown-label\">nap<\/span><\/div><div class=\"elementor-countdown-item\"><span class=\"elementor-countdown-digits elementor-countdown-hours\"><\/span> <span class=\"elementor-countdown-label\">\u00f3ra<\/span><\/div><div class=\"elementor-countdown-item\"><span class=\"elementor-countdown-digits elementor-countdown-minutes\"><\/span> <span class=\"elementor-countdown-label\">perc<\/span><\/div><div class=\"elementor-countdown-item\"><span class=\"elementor-countdown-digits elementor-countdown-seconds\"><\/span> <span class=\"elementor-countdown-label\">m\u00e1sodperc<\/span><\/div>\t\t<\/div>\n\t\t\t\t\t\t<\/div>\n\t\t\t\t<\/div>\n\t\t\t\t<div class=\"elementor-element elementor-element-62ee3d4 elementor-widget elementor-widget-wd_compare_img\" data-id=\"62ee3d4\" data-element_type=\"widget\" data-widget_type=\"wd_compare_img.default\">\n\t\t\t\t<div class=\"elementor-widget-container\">\n\t\t\t\t\t\t\t<div class=\"wd-compare-img-wrapp text-center\">\n\t\t\t<div class=\"wd-compare-img\">\n\t\t\t\t\t\t\t\t<div class=\"wd-after-img\">\n\t\t\t\t\t<img fetchpriority=\"high\" decoding=\"async\" width=\"800\" height=\"600\" src=\"https:\/\/gastronova.eu\/wp-content\/uploads\/2026\/01\/IMG_5861.jpg\" class=\"attachment-full size-full\" alt=\"\" srcset=\"https:\/\/gastronova.eu\/wp-content\/uploads\/2026\/01\/IMG_5861.jpg 800w, https:\/\/gastronova.eu\/wp-content\/uploads\/2026\/01\/IMG_5861-400x300.jpg 400w, https:\/\/gastronova.eu\/wp-content\/uploads\/2026\/01\/IMG_5861-768x576.jpg 768w, https:\/\/gastronova.eu\/wp-content\/uploads\/2026\/01\/IMG_5861-430x323.jpg 430w, https:\/\/gastronova.eu\/wp-content\/uploads\/2026\/01\/IMG_5861-700x525.jpg 700w, https:\/\/gastronova.eu\/wp-content\/uploads\/2026\/01\/IMG_5861-150x113.jpg 150w\" sizes=\"(max-width: 800px) 100vw, 800px\">\t\t\t\t<\/div>\n\t\t\t\t\t\t\t<div class=\"wd-before-img\">\n\t\t\t\t\t<img decoding=\"async\" width=\"1728\" height=\"1074\" src=\"https:\/\/gastronova.eu\/wp-content\/uploads\/2026\/01\/IMG_3798.jpeg\" class=\"attachment-full size-full\" alt=\"\" srcset=\"https:\/\/gastronova.eu\/wp-content\/uploads\/2026\/01\/IMG_3798.jpeg 1728w, https:\/\/gastronova.eu\/wp-content\/uploads\/2026\/01\/IMG_3798-400x249.jpeg 400w, https:\/\/gastronova.eu\/wp-content\/uploads\/2026\/01\/IMG_3798-1287x800.jpeg 1287w, https:\/\/gastronova.eu\/wp-content\/uploads\/2026\/01\/IMG_3798-768x477.jpeg 768w, https:\/\/gastronova.eu\/wp-content\/uploads\/2026\/01\/IMG_3798-1536x955.jpeg 1536w, https:\/\/gastronova.eu\/wp-content\/uploads\/2026\/01\/IMG_3798-430x267.jpeg 430w, https:\/\/gastronova.eu\/wp-content\/uploads\/2026\/01\/IMG_3798-700x435.jpeg 700w, https:\/\/gastronova.eu\/wp-content\/uploads\/2026\/01\/IMG_3798-150x93.jpeg 150w\" sizes=\"(max-width: 1728px) 100vw, 1728px\">\t\t\t\t<\/div>\n\t\t\t\t\t\t\t<div class=\"wd-compare-img-handle\">\n\t\t\t\t\t<span><\/span>\n\t\t\t\t<\/div>\n\t\t\t<\/div>\n\t\t<\/div>\n\t\t\t\t\t\t<\/div>\n\t\t\t\t<\/div>\n\t\t\t\t\t<\/div>\n\t\t\t\t<\/div>\n\t\t\t\t<\/div>\n\t\t","protected":false},"excerpt":{"rendered":"<p>A Box Compact ide\u00e1lis azoknak, akik egy funkcion\u00e1lis \u00e9s megfizethet\u0151 megold\u00e1st keresnek kis m\u00e9retben. Ez az ut\u00e1nfut\u00f3 egyszer\u0171, egyenes kialak\u00edt\u00e1s\u00fa, s\u00edk falakkal, amelyek lehet\u0151v\u00e9 teszik a t\u00e9r hat\u00e9kony kihaszn\u00e1l\u00e1s\u00e1t \u00e9s a magas berendez\u00e9sek, p\u00e9ld\u00e1ul h\u0171t\u0151szekr\u00e9nyek vagy k\u00e1v\u00e9f\u0151z\u0151k be\u00e9p\u00edt\u00e9s\u00e9t. <\/p>\n<p>Kompakt m\u00e9reteinek k\u00f6sz\u00f6nhet\u0151en alkalmas <b>k\u00e1v\u00e9z\u00f3k, b\u00e1rok, fagylaltos standok, prosecco koncepci\u00f3k vagy prom\u00f3ci\u00f3s c\u00e9lokra<\/b>, k\u00fcl\u00f6n\u00f6sen v\u00e1rosokban, piacokon vagy c\u00e9ges rendezv\u00e9nyeken. El\u0151nye az alacsony s\u00faly \u00e9s az egyszer\u0171bb sz\u00e1ll\u00edt\u00e1s, ami praktikus bel\u00e9p\u0151 modell\u00e9 teszi a mobil gasztron\u00f3mia vil\u00e1g\u00e1ba. <\/p>\n<p>Ha egy okos megold\u00e1st keresel, ami minden centim\u00e9tert maxim\u00e1lisan kihaszn\u00e1l, a Box Compact pont neked val\u00f3.<\/p>\n","protected":false},"featured_media":39716,"comment_status":"open","ping_status":"closed","template":"","meta":[],"product_brand":[],"product_cat":[657,571],"product_tag":[],"class_list":{"0":"post-39691","1":"product","2":"type-product","3":"status-publish","4":"has-post-thumbnail","6":"product_cat-raktaron-szlovakiaban","7":"product_cat-keszleten","9":"first","10":"instock","11":"sold-individually","12":"shipping-taxable","13":"purchasable","14":"product-type-simple"},"_links":{"self":[{"href":"https:\/\/gastronova.eu\/hu\/wp-json\/wp\/v2\/product\/39691","targetHints":{"allow":["GET"]}}],"collection":[{"href":"https:\/\/gastronova.eu\/hu\/wp-json\/wp\/v2\/product"}],"about":[{"href":"https:\/\/gastronova.eu\/hu\/wp-json\/wp\/v2\/types\/product"}],"replies":[{"embeddable":true,"href":"https:\/\/gastronova.eu\/hu\/wp-json\/wp\/v2\/comments?post=39691"}],"version-history":[{"count":3,"href":"https:\/\/gastronova.eu\/hu\/wp-json\/wp\/v2\/product\/39691\/revisions"}],"predecessor-version":[{"id":40453,"href":"https:\/\/gastronova.eu\/hu\/wp-json\/wp\/v2\/product\/39691\/revisions\/40453"}],"wp:featuredmedia":[{"embeddable":true,"href":"https:\/\/gastronova.eu\/hu\/wp-json\/wp\/v2\/media\/39716"}],"wp:attachment":[{"href":"https:\/\/gastronova.eu\/hu\/wp-json\/wp\/v2\/media?parent=39691"}],"wp:term":[{"taxonomy":"product_brand","embeddable":true,"href":"https:\/\/gastronova.eu\/hu\/wp-json\/wp\/v2\/product_brand?post=39691"},{"taxonomy":"product_cat","embeddable":true,"href":"https:\/\/gastronova.eu\/hu\/wp-json\/wp\/v2\/product_cat?post=39691"},{"taxonomy":"product_tag","embeddable":true,"href":"https:\/\/gastronova.eu\/hu\/wp-json\/wp\/v2\/product_tag?post=39691"}],"curies":[{"name":"wp","href":"https:\/\/api.w.org\/{rel}","templated":true}]}}